{"id":2372,"date":"2015-02-09T15:37:36","date_gmt":"2015-02-09T15:37:36","guid":{"rendered":"http:\/\/rttheme19-rtthemes-com.rtthemes.com\/?page_id=2372"},"modified":"2020-10-01T20:11:54","modified_gmt":"2020-10-01T18:11:54","slug":"our-products-custom-layout","status":"publish","type":"page","link":"https:\/\/wwwcz.korad-radiators.sk\/ru\/our-products-custom-layout\/","title":{"rendered":"Na\u0161e produkty"},"content":{"rendered":"<p>[vc_row rt_row_background_width=&#8221;fullwidth&#8221; rt_row_content_width=&#8221;default&#8221; rt_row_style=&#8221;default-style&#8221; rt_row_borders=&#8221;&#8221; rt_row_paddings=&#8221;true&#8221; rt_bg_effect=&#8221;classic&#8221; rt_bg_image_repeat=&#8221;repeat&#8221; rt_bg_size=&#8221;cover&#8221; rt_bg_position=&#8221;right top&#8221; rt_bg_attachment=&#8221;scroll&#8221; rt_bg_video_format=&#8221;self-hosted&#8221;][vc_column rt_wrp_col_paddings=&#8221;false&#8221; rt_border_top=&#8221;&#8221; rt_border_bottom=&#8221;&#8221; rt_border_left=&#8221;&#8221; rt_border_right=&#8221;&#8221; rt_border_top_mobile=&#8221;&#8221; rt_border_bottom_mobile=&#8221;&#8221; rt_border_left_mobile=&#8221;&#8221; rt_border_right_mobile=&#8221;&#8221; rt_bg_image_repeat=&#8221;repeat&#8221; rt_bg_size=&#8221;auto auto&#8221; rt_bg_position=&#8221;right top&#8221; rt_bg_attachment=&#8221;scroll&#8221;]\n<div id=\"product-dynamicID-497799\" class=\"product_holder product-showcase clearfix  border_grid fixed_heights\" data-column-width=\"2\">\n<div class=\"row clearfix\">\n<div class=\"col product_item_holder col-sm-6  5farebne-odtiene\">\n\n<div class=\"product_item_holder\">\n\n\t\n\n\t\n\t\t\t\t\t\t\n\t\t<div class=\"product_info\">\n\n\t\t\t\t\t\t\t\t<!-- title-->\n\t\t\t\t<h5 class=\"clean_heading\"><a href=\"https:\/\/wwwcz.korad-radiators.sk\/ru\/produkt-detaily\/67-farebnych-odtienov\/\" title=\"67 barevn\u00fdch odst\u00edn\u016f\" rel=\"bookmark\">67 barevn\u00fdch odst\u00edn\u016f<\/a><\/h5>\n\t\t\t\t\n\t\t\t\t<!-- text-->\n\t\t\t\t\n\t\t\t\t<div class=\"product_info_footer clearfix\"><div class=\"action_buttons\"><a href=\"https:\/\/wwwcz.korad-radiators.sk\/ru\/produkt-detaily\/67-farebnych-odtienov\/\" title=\"67 barevn\u00fdch odst\u00edn\u016f\" class=\"details icon-angle-right\">Details<\/a><\/div><\/div> \t\t\n\n\t\t<\/div>\n\t\t\n\n\t\n<\/div><\/div>\n<div class=\"col product_item_holder col-sm-6  6accessories\">\n\n<div class=\"product_item_holder\">\n\n\t\t\t<div class=\"featured_image\"> \n\t\t\t<!-- product image -->\n\t\t\t<div class=\"featured_image\"> \n\t\t\t\t<a href=\"https:\/\/wwwcz.korad-radiators.sk\/ru\/produkt-detaily\/nahradne-diely\/\" title=\"N\u00e1hradn\u00ed d\u00edly\" rel=\"bookmark\" class=\"imgeffect link\"><img decoding=\"async\" src=\"https:\/\/wwwcz.korad-radiators.sk\/wp-content\/uploads\/2020\/10\/Slnie\u010dko-e1603911989193-700x700.jpg\" alt=\"\" class=\"\" \/><\/a> \n\t\t\t<\/div> \n\t\t<\/div> \n\t\n\n\t\n\t\t\t\t\t\t\n\t\t<div class=\"product_info\">\n\n\t\t\t\t\t\t\t\t<!-- title-->\n\t\t\t\t<h5 class=\"clean_heading\"><a href=\"https:\/\/wwwcz.korad-radiators.sk\/ru\/produkt-detaily\/nahradne-diely\/\" title=\"N\u00e1hradn\u00ed d\u00edly\" rel=\"bookmark\">N\u00e1hradn\u00ed d\u00edly<\/a><\/h5>\n\t\t\t\t\n\t\t\t\t<!-- text-->\n\t\t\t\t<p>Upev\u0148ovac\u00ed d\u00edlce, plastov\u00e9 p\u0159\u00edchytky, z\u00e1tky a ventilov\u00e9 vlo\u017eky. <\/p>\n\t\t\t\t<div class=\"product_info_footer clearfix\"><div class=\"action_buttons\"><a href=\"https:\/\/wwwcz.korad-radiators.sk\/ru\/produkt-detaily\/nahradne-diely\/\" title=\"N\u00e1hradn\u00ed d\u00edly\" class=\"details icon-angle-right\">Details<\/a><\/div><\/div> \t\t\n\n\t\t<\/div>\n\t\t\n\n\t\n<\/div><\/div>\n<\/div>\n<\/div>\n[\/vc_column][\/vc_row][vc_row rt_row_background_width=&#8221;fullwidth&#8221; rt_row_content_width=&#8221;default&#8221; rt_row_style=&#8221;default-style&#8221; rt_row_borders=&#8221;&#8221; rt_row_paddings=&#8221;true&#8221; rt_bg_image=&#8221;2738&#8243; rt_bg_effect=&#8221;parallax&#8221; rt_bg_parallax_effect=&#8221;4&#8243; rt_bg_image_repeat=&#8221;repeat&#8221; rt_bg_size=&#8221;cover&#8221; rt_bg_position=&#8221;center center&#8221; rt_bg_video_format=&#8221;self-hosted&#8221; rt_padding_top=&#8221;100&#8243; rt_padding_bottom=&#8221;140&#8243;][vc_column width=&#8221;1\/2&#8243; rt_wrp_col_paddings=&#8221;false&#8221; rt_border_top=&#8221;&#8221; rt_border_bottom=&#8221;&#8221; rt_border_left=&#8221;&#8221; rt_border_right=&#8221;&#8221; rt_border_top_mobile=&#8221;&#8221; rt_border_bottom_mobile=&#8221;&#8221; rt_border_left_mobile=&#8221;&#8221; rt_border_right_mobile=&#8221;&#8221; rt_bg_image_repeat=&#8221;repeat&#8221; rt_bg_size=&#8221;auto auto&#8221; rt_bg_position=&#8221;right top&#8221; rt_bg_attachment=&#8221;scroll&#8221;]<div class=\"rt_heading_wrapper style-5\">\n\t\t\t\t\t\t<h2 class=\"rt_heading  style-5\" >FEATURED PRODUCTS<\/h2>\n\t\t\t\t\t<\/div>[vc_column_text]I am text block. Click edit button to change this text. Lorem ipsum dolor sit amet, consectetur <a href=\"#\">adipiscing<\/a> elit. Ut elit tellus, luctus nec ullamcorper mattis, pulvinar dapibus leo.[\/vc_column_text][\/vc_column][vc_column width=&#8221;1\/2&#8243; rt_wrp_col_paddings=&#8221;false&#8221; rt_border_top=&#8221;&#8221; rt_border_bottom=&#8221;&#8221; rt_border_left=&#8221;&#8221; rt_border_right=&#8221;&#8221; rt_border_top_mobile=&#8221;&#8221; rt_border_bottom_mobile=&#8221;&#8221; rt_border_left_mobile=&#8221;&#8221; rt_border_right_mobile=&#8221;&#8221; rt_bg_image_repeat=&#8221;repeat&#8221; rt_bg_size=&#8221;auto auto&#8221; rt_bg_position=&#8221;right top&#8221; rt_bg_attachment=&#8221;scroll&#8221;][\/vc_column][\/vc_row][vc_row rt_row_background_width=&#8221;fullwidth&#8221; rt_row_content_width=&#8221;default&#8221; rt_row_style=&#8221;default-style&#8221; rt_row_borders=&#8221;&#8221; rt_row_paddings=&#8221;true&#8221; rt_bg_effect=&#8221;classic&#8221; rt_bg_image_repeat=&#8221;repeat&#8221; rt_bg_size=&#8221;cover&#8221; rt_bg_position=&#8221;right top&#8221; rt_bg_attachment=&#8221;scroll&#8221; rt_bg_video_format=&#8221;self-hosted&#8221;][vc_column rt_wrp_col_paddings=&#8221;false&#8221; rt_border_top=&#8221;&#8221; rt_border_bottom=&#8221;&#8221; rt_border_left=&#8221;&#8221; rt_border_right=&#8221;&#8221; rt_border_top_mobile=&#8221;&#8221; rt_border_bottom_mobile=&#8221;&#8221; rt_border_left_mobile=&#8221;&#8221; rt_border_right_mobile=&#8221;&#8221; rt_bg_image_repeat=&#8221;repeat&#8221; rt_bg_size=&#8221;auto auto&#8221; rt_bg_position=&#8221;right top&#8221; rt_bg_attachment=&#8221;scroll&#8221;]\n<div id=\"product-dynamicID-628694\" class=\"product_holder product-showcase clearfix  border_grid fixed_heights\" data-column-width=\"4\">\n<div class=\"row clearfix\">\n<div class=\"col product_item_holder col-sm-3  5farebne-odtiene\">\n\n<div class=\"product_item_holder\">\n\n\t\n\n\t\n\t\t\t\t\t\t\n\t\t<div class=\"product_info\">\n\n\t\t\t\t\t\t\t\t<!-- title-->\n\t\t\t\t<h5 class=\"clean_heading\"><a href=\"https:\/\/wwwcz.korad-radiators.sk\/ru\/produkt-detaily\/67-farebnych-odtienov\/\" title=\"67 barevn\u00fdch odst\u00edn\u016f\" rel=\"bookmark\">67 barevn\u00fdch odst\u00edn\u016f<\/a><\/h5>\n\t\t\t\t\n\t\t\t\t<!-- text-->\n\t\t\t\t\n\t\t\t\t<div class=\"product_info_footer clearfix\"><div class=\"action_buttons\"><a href=\"https:\/\/wwwcz.korad-radiators.sk\/ru\/produkt-detaily\/67-farebnych-odtienov\/\" title=\"67 barevn\u00fdch odst\u00edn\u016f\" class=\"details icon-angle-right\">Details<\/a><\/div><\/div> \t\t\n\n\t\t<\/div>\n\t\t\n\n\t\n<\/div><\/div>\n<div class=\"col product_item_holder col-sm-3  6accessories\">\n\n<div class=\"product_item_holder\">\n\n\t\t\t<div class=\"featured_image\"> \n\t\t\t<!-- product image -->\n\t\t\t<div class=\"featured_image\"> \n\t\t\t\t<a href=\"https:\/\/wwwcz.korad-radiators.sk\/ru\/produkt-detaily\/nahradne-diely\/\" title=\"N\u00e1hradn\u00ed d\u00edly\" rel=\"bookmark\" class=\"imgeffect link\"><img decoding=\"async\" src=\"https:\/\/wwwcz.korad-radiators.sk\/wp-content\/uploads\/2020\/10\/Slnie\u010dko-e1603911989193-700x500.jpg\" alt=\"\" class=\"\" \/><\/a> \n\t\t\t<\/div> \n\t\t<\/div> \n\t\n\n\t\n\t\t\t\t\t\t\n\t\t<div class=\"product_info\">\n\n\t\t\t\t\t\t\t\t<!-- title-->\n\t\t\t\t<h5 class=\"clean_heading\"><a href=\"https:\/\/wwwcz.korad-radiators.sk\/ru\/produkt-detaily\/nahradne-diely\/\" title=\"N\u00e1hradn\u00ed d\u00edly\" rel=\"bookmark\">N\u00e1hradn\u00ed d\u00edly<\/a><\/h5>\n\t\t\t\t\n\t\t\t\t<!-- text-->\n\t\t\t\t<p>Upev\u0148ovac\u00ed d\u00edlce, plastov\u00e9 p\u0159\u00edchytky, z\u00e1tky a ventilov\u00e9 vlo\u017eky. <\/p>\n\t\t\t\t<div class=\"product_info_footer clearfix\"><div class=\"action_buttons\"><a href=\"https:\/\/wwwcz.korad-radiators.sk\/ru\/produkt-detaily\/nahradne-diely\/\" title=\"N\u00e1hradn\u00ed d\u00edly\" class=\"details icon-angle-right\">Details<\/a><\/div><\/div> \t\t\n\n\t\t<\/div>\n\t\t\n\n\t\n<\/div><\/div>\n<div class=\"col product_item_holder col-sm-3  6accessories\">\n\n<div class=\"product_item_holder\">\n\n\t\t\t<div class=\"featured_image\"> \n\t\t\t<!-- product image -->\n\t\t\t<div class=\"featured_image\"> \n\t\t\t\t<a href=\"https:\/\/wwwcz.korad-radiators.sk\/ru\/produkt-detaily\/kryty\/\" title=\"Kryty\" rel=\"bookmark\" class=\"imgeffect link\"><img decoding=\"async\" src=\"https:\/\/wwwcz.korad-radiators.sk\/wp-content\/uploads\/2021\/01\/P1010036_1.jpg\" alt=\"\" class=\"\" \/><\/a> \n\t\t\t<\/div> \n\t\t<\/div> \n\t\n\n\t\n\t\t\t\t\t\t\n\t\t<div class=\"product_info\">\n\n\t\t\t\t\t\t\t\t<!-- title-->\n\t\t\t\t<h5 class=\"clean_heading\"><a href=\"https:\/\/wwwcz.korad-radiators.sk\/ru\/produkt-detaily\/kryty\/\" title=\"Kryty\" rel=\"bookmark\">Kryty<\/a><\/h5>\n\t\t\t\t\n\t\t\t\t<!-- text-->\n\t\t\t\t<p>Bo\u010dn\u00ed kryty a m\u0159\u00ed\u017eky otopn\u00fdch t\u011bles<\/p>\n\t\t\t\t<div class=\"product_info_footer clearfix\"><div class=\"action_buttons\"><a href=\"https:\/\/wwwcz.korad-radiators.sk\/ru\/produkt-detaily\/kryty\/\" title=\"Kryty\" class=\"details icon-angle-right\">Details<\/a><\/div><\/div> \t\t\n\n\t\t<\/div>\n\t\t\n\n\t\n<\/div><\/div>\n<div class=\"col product_item_holder col-sm-3  6accessories\">\n\n<div class=\"product_item_holder\">\n\n\t\t\t<div class=\"featured_image\"> \n\t\t\t<!-- product image -->\n\t\t\t<div class=\"featured_image\"> \n\t\t\t\t<a href=\"https:\/\/wwwcz.korad-radiators.sk\/ru\/produkt-detaily\/konzoly\/\" title=\"Konzoly\" rel=\"bookmark\" class=\"imgeffect link\"><img decoding=\"async\" src=\"https:\/\/wwwcz.korad-radiators.sk\/wp-content\/uploads\/2020\/10\/Prvky-pre-uchytenie-radi\u00e1torov-e1603874088168.png\" alt=\"\" class=\"\" \/><\/a> \n\t\t\t<\/div> \n\t\t<\/div> \n\t\n\n\t\n\t\t\t\t\t\t\n\t\t<div class=\"product_info\">\n\n\t\t\t\t\t\t\t\t<!-- title-->\n\t\t\t\t<h5 class=\"clean_heading\"><a href=\"https:\/\/wwwcz.korad-radiators.sk\/ru\/produkt-detaily\/konzoly\/\" title=\"Konzoly\" rel=\"bookmark\">Konzoly<\/a><\/h5>\n\t\t\t\t\n\t\t\t\t<!-- text-->\n\t\t\t\t<p>Prvky pro uchycen\u00ed otopn\u00fdch t\u011bles<\/p>\n\t\t\t\t<div class=\"product_info_footer clearfix\"><div class=\"action_buttons\"><a href=\"https:\/\/wwwcz.korad-radiators.sk\/ru\/produkt-detaily\/konzoly\/\" title=\"Konzoly\" class=\"details icon-angle-right\">Details<\/a><\/div><\/div> \t\t\n\n\t\t<\/div>\n\t\t\n\n\t\n<\/div><\/div>\n<\/div>\n<div class=\"row clearfix\">\n<div class=\"col product_item_holder col-sm-3  3hygiene\">\n\n<div class=\"product_item_holder\">\n\n\t\t\t<div class=\"featured_image\"> \n\t\t\t<!-- product image -->\n\t\t\t<div class=\"featured_image\"> \n\t\t\t\t<a href=\"https:\/\/wwwcz.korad-radiators.sk\/ru\/produkt-detaily\/hygiene-ventil-kompakt-stredovy\/\" title=\"Hygiene Ventil Kompakt St\u0159edov\u00fd\" rel=\"bookmark\" class=\"imgeffect link\"><img decoding=\"async\" src=\"https:\/\/wwwcz.korad-radiators.sk\/wp-content\/uploads\/2020\/11\/VKM-Hygiene.png\" alt=\"\" class=\"\" \/><\/a> \n\t\t\t<\/div> \n\t\t<\/div> \n\t\n\n\t\n\t\t\t\t\t\t\n\t\t<div class=\"product_info\">\n\n\t\t\t\t\t\t\t\t<!-- title-->\n\t\t\t\t<h5 class=\"clean_heading\"><a href=\"https:\/\/wwwcz.korad-radiators.sk\/ru\/produkt-detaily\/hygiene-ventil-kompakt-stredovy\/\" title=\"Hygiene Ventil Kompakt St\u0159edov\u00fd\" rel=\"bookmark\">Hygiene Ventil Kompakt St\u0159edov\u00fd<\/a><\/h5>\n\t\t\t\t\n\t\t\t\t<!-- text-->\n\t\t\t\t<p>Modely s t\u00edmto ozna\u010den\u00edm jsou vhodn\u00e9 do prostor se zv\u00fd\u0161en\u00fdmi n\u00e1roky na hygienu. Jedn\u00e1 se o otopn\u00e1 t\u011blesa Ventil Kompakt se st\u0159edov\u00fdm p\u0159ipojen\u00edm VKM bez p\u0159\u00eddavn\u00e9 p\u0159estupn\u00ed plochy (konvektoru), tedy typov\u00e9 \u0159ady 10 a 20.<\/p>\n\t\t\t\t<div class=\"product_info_footer clearfix\"><div class=\"action_buttons\"><a href=\"https:\/\/wwwcz.korad-radiators.sk\/ru\/produkt-detaily\/hygiene-ventil-kompakt-stredovy\/\" title=\"Hygiene Ventil Kompakt St\u0159edov\u00fd\" class=\"details icon-angle-right\">Details<\/a><\/div><\/div> \t\t\n\n\t\t<\/div>\n\t\t\n\n\t\n<\/div><\/div>\n<div class=\"col product_item_holder col-sm-3  3hygiene\">\n\n<div class=\"product_item_holder\">\n\n\t\t\t<div class=\"featured_image\"> \n\t\t\t<!-- product image -->\n\t\t\t<div class=\"featured_image\"> \n\t\t\t\t<a href=\"https:\/\/wwwcz.korad-radiators.sk\/ru\/produkt-detaily\/hygiene-ventil-kompakt\/\" title=\"Hygiene Ventil Kompakt\" rel=\"bookmark\" class=\"imgeffect link\"><img decoding=\"async\" src=\"https:\/\/wwwcz.korad-radiators.sk\/wp-content\/uploads\/2020\/11\/VKP-Hygiene.png\" alt=\"\" class=\"\" \/><\/a> \n\t\t\t<\/div> \n\t\t<\/div> \n\t\n\n\t\n\t\t\t\t\t\t\n\t\t<div class=\"product_info\">\n\n\t\t\t\t\t\t\t\t<!-- title-->\n\t\t\t\t<h5 class=\"clean_heading\"><a href=\"https:\/\/wwwcz.korad-radiators.sk\/ru\/produkt-detaily\/hygiene-ventil-kompakt\/\" title=\"Hygiene Ventil Kompakt\" rel=\"bookmark\">Hygiene Ventil Kompakt<\/a><\/h5>\n\t\t\t\t\n\t\t\t\t<!-- text-->\n\t\t\t\t<p>Modely s t\u00edmto ozna\u010den\u00edm jsou vhodn\u00e9 do prostor se zv\u00fd\u0161en\u00fdmi n\u00e1roky na hygienu. Jedn\u00e1 se o deskov\u00e1 otopn\u00e1 t\u011blesa Ventil Kompakt bez p\u0159\u00eddavn\u00e9 p\u0159estupn\u00ed plochy (konvektoru), tedy typov\u00e9 \u0159ady 10 a 20.<\/p>\n\t\t\t\t<div class=\"product_info_footer clearfix\"><div class=\"action_buttons\"><a href=\"https:\/\/wwwcz.korad-radiators.sk\/ru\/produkt-detaily\/hygiene-ventil-kompakt\/\" title=\"Hygiene Ventil Kompakt\" class=\"details icon-angle-right\">Details<\/a><\/div><\/div> \t\t\n\n\t\t<\/div>\n\t\t\n\n\t\n<\/div><\/div>\n<div class=\"col product_item_holder col-sm-3  3hygiene\">\n\n<div class=\"product_item_holder\">\n\n\t\t\t<div class=\"featured_image\"> \n\t\t\t<!-- product image -->\n\t\t\t<div class=\"featured_image\"> \n\t\t\t\t<a href=\"https:\/\/wwwcz.korad-radiators.sk\/ru\/produkt-detaily\/hygiene-kompakt\/\" title=\"Hygiene Kompakt\" rel=\"bookmark\" class=\"imgeffect link\"><img decoding=\"async\" src=\"https:\/\/wwwcz.korad-radiators.sk\/wp-content\/uploads\/2020\/11\/K-Hygiene.png\" alt=\"\" class=\"\" \/><\/a> \n\t\t\t<\/div> \n\t\t<\/div> \n\t\n\n\t\n\t\t\t\t\t\t\n\t\t<div class=\"product_info\">\n\n\t\t\t\t\t\t\t\t<!-- title-->\n\t\t\t\t<h5 class=\"clean_heading\"><a href=\"https:\/\/wwwcz.korad-radiators.sk\/ru\/produkt-detaily\/hygiene-kompakt\/\" title=\"Hygiene Kompakt\" rel=\"bookmark\">Hygiene Kompakt<\/a><\/h5>\n\t\t\t\t\n\t\t\t\t<!-- text-->\n\t\t\t\t<p>Modely s t\u00edmto ozna\u010den\u00edm jsou vhodn\u00e9 do prostor se zv\u00fd\u0161en\u00fdmi n\u00e1roky na hygienu. Jedn\u00e1 se o deskov\u00e1 otopn\u00e1 t\u011blesa Kompakt bez p\u0159\u00eddavn\u00e9 p\u0159estupn\u00ed plochy (konvektoru), tedy typov\u00e9 \u0159ady 10 a 20. <\/p>\n\t\t\t\t<div class=\"product_info_footer clearfix\"><div class=\"action_buttons\"><a href=\"https:\/\/wwwcz.korad-radiators.sk\/ru\/produkt-detaily\/hygiene-kompakt\/\" title=\"Hygiene Kompakt\" class=\"details icon-angle-right\">Details<\/a><\/div><\/div> \t\t\n\n\t\t<\/div>\n\t\t\n\n\t\n<\/div><\/div>\n<div class=\"col product_item_holder col-sm-3  1klasik\">\n\n<div class=\"product_item_holder\">\n\n\t\t\t<div class=\"featured_image\"> \n\t\t\t<!-- product image -->\n\t\t\t<div class=\"featured_image\"> \n\t\t\t\t<a href=\"https:\/\/wwwcz.korad-radiators.sk\/ru\/produkt-detaily\/klasik-ventil-kompakt-stredovy\/\" title=\"Klasik Ventil Kompakt St\u0159edov\u00fd\" rel=\"bookmark\" class=\"imgeffect link\"><img decoding=\"async\" src=\"https:\/\/wwwcz.korad-radiators.sk\/wp-content\/uploads\/2020\/10\/VKM.png\" alt=\"\" class=\"\" \/><\/a> \n\t\t\t<\/div> \n\t\t<\/div> \n\t\n\n\t\n\t\t\t\t\t\t\n\t\t<div class=\"product_info\">\n\n\t\t\t\t\t\t\t\t<!-- title-->\n\t\t\t\t<h5 class=\"clean_heading\"><a href=\"https:\/\/wwwcz.korad-radiators.sk\/ru\/produkt-detaily\/klasik-ventil-kompakt-stredovy\/\" title=\"Klasik Ventil Kompakt St\u0159edov\u00fd\" rel=\"bookmark\">Klasik Ventil Kompakt St\u0159edov\u00fd<\/a><\/h5>\n\t\t\t\t\n\t\t\t\t<!-- text-->\n\t\t\t\t<p>Z\u00e1kladn\u00ed modelov\u00e1 \u0159ada otopn\u00fdch t\u011bles se 6-bodov\u00fdm spodn\u00edm p\u0159ipojen\u00edm uprost\u0159ed t\u011blesa a tvarovan\u00fdm panelem s vertik\u00e1ln\u00edmi kan\u00e1lky. Sou\u010d\u00e1st\u00ed je ventilov\u00e1 vlo\u017eka um\u00edst\u011bn\u00e1 na prav\u00e9 stran\u011b. Sou\u010d\u00e1st\u00ed t\u011bles jsou bo\u010dn\u00ed kryty a vrchn\u00ed m\u0159\u00ed\u017eka. <\/p>\n\t\t\t\t<div class=\"product_info_footer clearfix\"><div class=\"action_buttons\"><a href=\"https:\/\/wwwcz.korad-radiators.sk\/ru\/produkt-detaily\/klasik-ventil-kompakt-stredovy\/\" title=\"Klasik Ventil Kompakt St\u0159edov\u00fd\" class=\"details icon-angle-right\">Details<\/a><\/div><\/div> \t\t\n\n\t\t<\/div>\n\t\t\n\n\t\n<\/div><\/div>\n<\/div>\n<\/div>\n<div class=\"paging_wrapper margin-t30 margin-b30\"><ul class='page-numbers'>\n\t<li><span aria-current=\"page\" class=\"page-numbers current\">1<\/span><\/li>\n\t<li><a class=\"page-numbers\" href=\"https:\/\/wwwcz.korad-radiators.sk\/ru\/wp-json\/wp\/v2\/pages\/2372\/page\/2\/\">2<\/a><\/li>\n\t<li><a class=\"next page-numbers\" href=\"https:\/\/wwwcz.korad-radiators.sk\/ru\/wp-json\/wp\/v2\/pages\/2372\/page\/2\/\"><span class=\"icon-angle-right\"><\/span><\/a><\/li>\n<\/ul>\n<\/div>[\/vc_column][\/vc_row]<\/p>\n","protected":false},"excerpt":{"rendered":"<p>[vc_row rt_row_background_width=&#8221;fullwidth&#8221; rt_row_content_width=&#8221;default&#8221; rt_row_style=&#8221;default-style&#8221; rt_row_borders=&#8221;&#8221; rt_row_paddings=&#8221;true&#8221; rt_bg_effect=&#8221;classic&#8221; rt_bg_image_repeat=&#8221;repeat&#8221; rt_bg_size=&#8221;cover&#8221; rt_bg_position=&#8221;right top&#8221; rt_bg_attachment=&#8221;scroll&#8221; rt_bg_video_format=&#8221;self-hosted&#8221;][vc_column rt_wrp_col_paddings=&#8221;false&#8221; rt_border_top=&#8221;&#8221; rt_border_bottom=&#8221;&#8221; rt_border_left=&#8221;&#8221; rt_border_right=&#8221;&#8221; rt_border_top_mobile=&#8221;&#8221; rt_border_bottom_mobile=&#8221;&#8221; rt_border_left_mobile=&#8221;&#8221; rt_border_right_mobile=&#8221;&#8221; rt_bg_image_repeat=&#8221;repeat&#8221; rt_bg_size=&#8221;auto auto&#8221; rt_bg_position=&#8221;right top&#8221; rt_bg_attachment=&#8221;scroll&#8221;][\/vc_column][\/vc_row][vc_row rt_row_background_width=&#8221;fullwidth&#8221; rt_row_content_width=&#8221;default&#8221; rt_row_style=&#8221;default-style&#8221; rt_row_borders=&#8221;&#8221; rt_row_paddings=&#8221;true&#8221; rt_bg_image=&#8221;2738&#8243; rt_bg_effect=&#8221;parallax&#8221; rt_bg_parallax_effect=&#8221;4&#8243; rt_bg_image_repeat=&#8221;repeat&#8221; rt_bg_size=&#8221;cover&#8221; rt_bg_position=&#8221;center center&#8221; rt_bg_video_format=&#8221;self-hosted&#8221; rt_padding_top=&#8221;100&#8243; rt_padding_bottom=&#8221;140&#8243;][vc_column width=&#8221;1\/2&#8243; rt_wrp_col_paddings=&#8221;false&#8221; rt_border_top=&#8221;&#8221; rt_border_bottom=&#8221;&#8221; rt_border_left=&#8221;&#8221; rt_border_right=&#8221;&#8221; rt_border_top_mobile=&#8221;&#8221; rt_border_bottom_mobile=&#8221;&#8221; rt_border_left_mobile=&#8221;&#8221; rt_border_right_mobile=&#8221;&#8221; rt_bg_image_repeat=&#8221;repeat&#8221; rt_bg_size=&#8221;auto [&hellip;]<\/p>\n","protected":false},"author":1,"featured_media":0,"parent":0,"menu_order":0,"comment_status":"open","ping_status":"open","template":"","meta":{"footnotes":""},"class_list":["post-2372","page","type-page","status-publish","hentry"],"translation":{"provider":"WPGlobus","version":"3.0.2","language":"ru","enabled_languages":["sk","en","ru"],"languages":{"sk":{"title":true,"content":true,"excerpt":false},"en":{"title":false,"content":false,"excerpt":false},"ru":{"title":false,"content":false,"excerpt":false}}},"_links":{"self":[{"href":"https:\/\/wwwcz.korad-radiators.sk\/ru\/wp-json\/wp\/v2\/pages\/2372","targetHints":{"allow":["GET"]}}],"collection":[{"href":"https:\/\/wwwcz.korad-radiators.sk\/ru\/wp-json\/wp\/v2\/pages"}],"about":[{"href":"https:\/\/wwwcz.korad-radiators.sk\/ru\/wp-json\/wp\/v2\/types\/page"}],"author":[{"embeddable":true,"href":"https:\/\/wwwcz.korad-radiators.sk\/ru\/wp-json\/wp\/v2\/users\/1"}],"replies":[{"embeddable":true,"href":"https:\/\/wwwcz.korad-radiators.sk\/ru\/wp-json\/wp\/v2\/comments?post=2372"}],"version-history":[{"count":2,"href":"https:\/\/wwwcz.korad-radiators.sk\/ru\/wp-json\/wp\/v2\/pages\/2372\/revisions"}],"predecessor-version":[{"id":3528,"href":"https:\/\/wwwcz.korad-radiators.sk\/ru\/wp-json\/wp\/v2\/pages\/2372\/revisions\/3528"}],"wp:attachment":[{"href":"https:\/\/wwwcz.korad-radiators.sk\/ru\/wp-json\/wp\/v2\/media?parent=2372"}],"curies":[{"name":"wp","href":"https:\/\/api.w.org\/{rel}","templated":true}]}}